{"id":594,"date":"2017-05-09T15:39:31","date_gmt":"2017-05-09T15:39:31","guid":{"rendered":"https:\/\/repagas.com\/conocenos\/"},"modified":"2026-08-29T19:59:19","modified_gmt":"2026-08-29T17:59:19","slug":"a-propos-de-nous","status":"publish","type":"page","link":"https:\/\/repagas.com\/fr\/a-propos-de-nous\/","title":{"rendered":"\u00c0 propos de nous"},"content":{"rendered":"\t\t<div data-elementor-type=\"wp-page\" data-elementor-id=\"594\" class=\"elementor elementor-594 elementor-262\" data-elementor-post-type=\"page\">\n\t\t\t\t<div class=\"elementor-element elementor-element-ce7d2b6 e-flex e-con-boxed e-con e-parent\" data-id=\"ce7d2b6\" data-element_type=\"container\" data-e-type=\"container\" data-settings=\"{&quot;background_background&quot;:&quot;classic&quot;}\">\n\t\t\t\t\t<div class=\"e-con-inner\">\n\t\t\t\t<div class=\"elementor-element elementor-element-f3ebcf4 elementor-widget elementor-widget-heading\" data-id=\"f3ebcf4\" data-element_type=\"widget\" data-e-type=\"widget\" data-widget_type=\"heading.default\">\n\t\t\t\t\t<h2 class=\"elementor-heading-title elementor-size-default\">D\u00e9couvrez-nous<\/h2>\t\t\t\t<\/div>\n\t\t\t\t\t<\/div>\n\t\t\t\t<\/div>\n\t\t<div class=\"elementor-element elementor-element-c3fb283 e-flex e-con-boxed e-con e-parent\" data-id=\"c3fb283\" data-element_type=\"container\" data-e-type=\"container\">\n\t\t\t\t\t<div class=\"e-con-inner\">\n\t\t\t\t<div class=\"elementor-element elementor-element-34bbc79 elementor-widget elementor-widget-text-editor\" data-id=\"34bbc79\" data-element_type=\"widget\" data-e-type=\"widget\" data-widget_type=\"text-editor.default\">\n\t\t\t\t\t\t\t\t\t<p>Nous sommes une <strong>entreprise familiale<\/strong> reconnue pour son savoir-faire dans la fabrication et la <strong>commercialisation d\u2019\u00e9quipements professionnels pour l\u2019h\u00f4tellerie-restauration<\/strong>. Depuis 1971, nous proposons aux march\u00e9s espagnol et international des produits durables et de haute qualit\u00e9.<\/p><p>Avec plus de <strong>50 ans d\u2019exp\u00e9rience<\/strong>, nous sommes devenus une r\u00e9f\u00e9rence dans le secteur, gr\u00e2ce \u00e0 la <strong>confiance et \u00e0 la fid\u00e9lit\u00e9 de nos clients<\/strong>.<\/p><p>Nous fabriquons une large gamme d\u2019\u00e9quipements r\u00e9pondant aux besoins des professionnels de la restauration : fourneaux professionnels, friteuses professionnelles, plaques de cuisson \u00e0 gaz, fry-tops, fours et bien d\u2019autres \u00e9quipements.<\/p><p>Nous proposons \u00e9galement un service technique de qualit\u00e9 ainsi que des solutions globales pour accompagner et conseiller les professionnels de l\u2019h\u00f4tellerie-restauration dans la r\u00e9ussite de leur activit\u00e9.<\/p>\t\t\t\t\t\t\t\t<\/div>\n\t\t\t\t\t<\/div>\n\t\t\t\t<\/div>\n\t\t<div class=\"elementor-element elementor-element-96168d8 e-flex e-con-boxed e-con e-parent\" data-id=\"96168d8\" data-element_type=\"container\" data-e-type=\"container\" data-settings=\"{&quot;background_background&quot;:&quot;classic&quot;}\">\n\t\t\t\t\t<div class=\"e-con-inner\">\n\t\t<div class=\"elementor-element elementor-element-8f2c610 e-con-full e-flex e-con e-child\" data-id=\"8f2c610\" data-element_type=\"container\" data-e-type=\"container\">\n\t\t\t\t<div class=\"elementor-element elementor-element-3b71fa9 elementor-widget elementor-widget-heading\" data-id=\"3b71fa9\" data-element_type=\"widget\" data-e-type=\"widget\" data-settings=\"{&quot;sticky_on&quot;:[&quot;desktop&quot;,&quot;tablet&quot;],&quot;sticky_parent&quot;:&quot;yes&quot;,&quot;sticky&quot;:&quot;top&quot;,&quot;sticky_offset&quot;:0,&quot;sticky_effects_offset&quot;:0,&quot;sticky_anchor_link_offset&quot;:0}\" data-widget_type=\"heading.default\">\n\t\t\t\t\t<h1 class=\"elementor-heading-title elementor-size-default\">Repagas : 55 ans d\u2019exp\u00e9rience dans la cr\u00e9ation de cuisines professionnelles haut de gamme<\/h1>\t\t\t\t<\/div>\n\t\t\t\t<\/div>\n\t\t<div class=\"elementor-element elementor-element-346ecde e-con-full e-flex e-con e-child\" data-id=\"346ecde\" data-element_type=\"container\" data-e-type=\"container\">\n\t\t<div class=\"elementor-element elementor-element-8cdc93e e-con-full e-flex e-con e-child\" data-id=\"8cdc93e\" data-element_type=\"container\" data-e-type=\"container\">\n\t\t\t\t<div class=\"elementor-element elementor-element-5e61880 elementor-widget elementor-widget-heading\" data-id=\"5e61880\" data-element_type=\"widget\" data-e-type=\"widget\" data-widget_type=\"heading.default\">\n\t\t\t\t\t<h3 class=\"elementor-heading-title elementor-size-default\">Valeurs<\/h3>\t\t\t\t<\/div>\n\t\t\t\t<div class=\"elementor-element elementor-element-9b0bd0a elementor-widget elementor-widget-text-editor\" data-id=\"9b0bd0a\" data-element_type=\"widget\" data-e-type=\"widget\" data-widget_type=\"text-editor.default\">\n\t\t\t\t\t\t\t\t\t<p><strong>Orientation client<\/strong>, qui nous permet d\u2019identifier les nouvelles tendances du secteur et de r\u00e9pondre aux besoins de nos clients.<br \/><strong>Travail d\u2019\u00e9quipe<\/strong>, les personnes qui composent Repagas font la diff\u00e9rence et constituent notre ressource la plus pr\u00e9cieuse.<\/p><p><strong>Qualit\u00e9<\/strong> dans la conception et <strong>engagement<\/strong> dans le service.<br \/><strong>Innovation<\/strong>, avec un objectif clair d\u2019am\u00e9lioration continue afin de nous adapter aux besoins du march\u00e9.<\/p>\t\t\t\t\t\t\t\t<\/div>\n\t\t\t\t<\/div>\n\t\t<div class=\"elementor-element elementor-element-3361e94 e-con-full e-flex e-con e-child\" data-id=\"3361e94\" data-element_type=\"container\" data-e-type=\"container\">\n\t\t<div class=\"elementor-element elementor-element-4d3dfcb e-con-full e-flex e-con e-child\" data-id=\"4d3dfcb\" data-element_type=\"container\" data-e-type=\"container\">\n\t\t\t\t<div class=\"elementor-element elementor-element-f123eb6 elementor-widget elementor-widget-heading\" data-id=\"f123eb6\" data-element_type=\"widget\" data-e-type=\"widget\" data-widget_type=\"heading.default\">\n\t\t\t\t\t<h3 class=\"elementor-heading-title elementor-size-default\">Mission<\/h3>\t\t\t\t<\/div>\n\t\t\t\t<div class=\"elementor-element elementor-element-ebfabc2 elementor-widget elementor-widget-text-editor\" data-id=\"ebfabc2\" data-element_type=\"widget\" data-e-type=\"widget\" data-widget_type=\"text-editor.default\">\n\t\t\t\t\t\t\t\t\t<p>Fabriquer et commercialiser des \u00e9quipements de grande qualit\u00e9 et durables pour les professionnels de l\u2019h\u00f4tellerie-restauration, en d\u00e9finissant des objectifs de qualit\u00e9 mesurables et quantifiables.<\/p><p>Notre identit\u00e9 repose sur l\u2019am\u00e9lioration continue de nos produits et services, ainsi que sur notre engagement \u00e0 faire \u00e9voluer en permanence notre syst\u00e8me de gestion de la qualit\u00e9 et \u00e0 maintenir une v\u00e9ritable responsabilit\u00e9 environnementale et sociale.<\/p>\t\t\t\t\t\t\t\t<\/div>\n\t\t\t\t<\/div>\n\t\t<div class=\"elementor-element elementor-element-b10831b e-con-full e-flex e-con e-child\" data-id=\"b10831b\" data-element_type=\"container\" data-e-type=\"container\">\n\t\t\t\t<div class=\"elementor-element elementor-element-d0c89c8 elementor-widget elementor-widget-heading\" data-id=\"d0c89c8\" data-element_type=\"widget\" data-e-type=\"widget\" data-widget_type=\"heading.default\">\n\t\t\t\t\t<h3 class=\"elementor-heading-title elementor-size-default\">Vision<\/h3>\t\t\t\t<\/div>\n\t\t\t\t<div class=\"elementor-element elementor-element-44dcdb1 elementor-widget elementor-widget-text-editor\" data-id=\"44dcdb1\" data-element_type=\"widget\" data-e-type=\"widget\" data-widget_type=\"text-editor.default\">\n\t\t\t\t\t\t\t\t\t<p>Maintenir et renforcer l\u2019innovation dans nos produits et nos processus de fabrication, ainsi que dans la mani\u00e8re dont nous collaborons avec nos fournisseurs, nos clients et nos collaborateurs.<\/p><p>Nous voulons \u00eatre une entreprise o\u00f9 l\u2019on souhaite travailler, un partenaire aupr\u00e8s duquel les fournisseurs souhaitent collaborer et une marque que les clients souhaitent choisir.<\/p>\t\t\t\t\t\t\t\t<\/div>\n\t\t\t\t<\/div>\n\t\t\t\t<\/div>\n\t\t\t\t<\/div>\n\t\t\t\t\t<\/div>\n\t\t\t\t<\/div>\n\t\t<div class=\"elementor-element elementor-element-1432511 e-con-full e-flex e-con e-parent\" data-id=\"1432511\" data-element_type=\"container\" data-e-type=\"container\">\n\t\t<div class=\"elementor-element elementor-element-5c90879 e-con-full e-flex e-con e-child\" data-id=\"5c90879\" data-element_type=\"container\" data-e-type=\"container\" data-settings=\"{&quot;background_background&quot;:&quot;classic&quot;}\">\n\t\t\t\t<div class=\"elementor-element elementor-element-f51c948 elementor-widget elementor-widget-spacer\" data-id=\"f51c948\" data-element_type=\"widget\" data-e-type=\"widget\" data-widget_type=\"spacer.default\">\n\t\t\t\t\t\t\t<div class=\"elementor-spacer\">\n\t\t\t<div class=\"elementor-spacer-inner\"><\/div>\n\t\t<\/div>\n\t\t\t\t\t\t<\/div>\n\t\t\t\t<\/div>\n\t\t<div class=\"elementor-element elementor-element-e14b0d1 e-con-full e-flex e-con e-child\" data-id=\"e14b0d1\" data-element_type=\"container\" data-e-type=\"container\">\n\t\t\t\t<div class=\"elementor-element elementor-element-2adadec elementor-widget elementor-widget-heading\" data-id=\"2adadec\" data-element_type=\"widget\" data-e-type=\"widget\" data-widget_type=\"heading.default\">\n\t\t\t\t\t<h3 class=\"elementor-heading-title elementor-size-default\">Qualit\u00e9<\/h3>\t\t\t\t<\/div>\n\t\t\t\t<div class=\"elementor-element elementor-element-f24124f elementor-widget elementor-widget-text-editor\" data-id=\"f24124f\" data-element_type=\"widget\" data-e-type=\"widget\" data-widget_type=\"text-editor.default\">\n\t\t\t\t\t\t\t\t\t<p>Nos produits respectent l\u2019ensemble des r\u00e9glementations internationales et sont fabriqu\u00e9s conform\u00e9ment \u00e0 la norme CE UNE EN 203, ainsi qu\u2019\u00e0 diff\u00e9rents contr\u00f4les et inspections internes r\u00e9alis\u00e9s tout au long du processus de fabrication, aussi bien sur le site de production qu\u2019en laboratoire. Nous disposons de la certification qualit\u00e9 ISO 9001:2015 ainsi que du marquage CE.<\/p><p>Nous avons \u00e9galement obtenu le certificat de conformit\u00e9 \u00e0 la norme CEDEC\u00a9, qui atteste de la qualit\u00e9 de notre gestion d\u2019entreprise dans les domaines suivants : strat\u00e9gie d\u2019entreprise, contr\u00f4le de gestion, organisation fonctionnelle et gestion des co\u00fbts.<\/p><p>Nous disposons \u00e9galement du label <strong>PME Innovante<\/strong>, attribu\u00e9 par le minist\u00e8re espagnol de la Science, de l\u2019Innovation et des Universit\u00e9s aux entreprises reconnues pour leurs activit\u00e9s de R&amp;D&amp;I.<\/p>\t\t\t\t\t\t\t\t<\/div>\n\t\t\t\t<div class=\"elementor-element elementor-element-3fedac2 elementor-widget elementor-widget-ucaddon_logo_marquee\" data-id=\"3fedac2\" data-element_type=\"widget\" data-e-type=\"widget\" data-widget_type=\"ucaddon_logo_marquee.default\">\n\t\t\t\t<div class=\"elementor-widget-container\">\n\t\t\t\t\t\n<!-- start Logo Marquee -->\n\t\t<link id='font-awesome-css' href='https:\/\/repagas.com\/wp-content\/plugins\/unlimited-elements-for-elementor-premium\/assets_libraries\/font-awesome6\/fontawesome-all.min.css' type='text\/css' rel='stylesheet' >\n\t\t<link id='font-awesome-4-shim-css' href='https:\/\/repagas.com\/wp-content\/plugins\/unlimited-elements-for-elementor-premium\/assets_libraries\/font-awesome6\/fontawesome-v4-shims.min.css' type='text\/css' rel='stylesheet' >\n\n<style>\/* widget: Logo Marquee *\/\n\n#uc_logo_marquee_elementor_3fedac2{\n  min-height:1px;\n  text-align: center;\n  position:relative;\n  opacity: 0;\n}\n\n#uc_logo_marquee_elementor_3fedac2 *{\n  box-sizing:border-box;\n}\n#uc_logo_marquee_elementor_3fedac2 .uc_marquee {\n\tdisplay: flex;\n\talign-items: center;\n\toverflow: hidden;\n    position: relative;\n}\n#uc_logo_marquee_elementor_3fedac2 .uc_marquee > div {\n    position:relative;\n\tdisplay: inline-flex;\n\talign-items: center;\n\tflex: 0 0 auto;\n\twidth: auto;\n\toverflow: hidden;\n  \t\t\tanimation-name: marquee-to-left;\n    \tanimation-timing-function: linear;\n\tanimation-iteration-count: infinite;\n    }\n#uc_logo_marquee_elementor_3fedac2 img{\n\n  \theight: 100%;\n  \tobject-fit: contain;\n}\n\n#uc_logo_marquee_elementor_3fedac2 .ue_marquee_title\n{\n  position:absolute;\n  bottom:0px;\n  left: 0;\n  width:100%;\n}\n\n#uc_logo_marquee_elementor_3fedac2 .uc_logo_marquee_holder{\n\tposition:relative;\n    text-align:center;\n    overflow:hidden;\n}\n\n\n#uc_logo_marquee_elementor_3fedac2 .uc_logo_marquee_holder a{\n  height:100%;\n  width: 100%;\n  display:flex;\n  align-items: center;\n  justify-content:center;\n}\n\n\n\t@keyframes marquee-to-left {\n\tfrom {transform: translate(0,0)}\n\tto {transform: translate(-50%,0)}\n}\n\t\n\n\n\n\n\n#uc_logo_marquee_elementor_3fedac2 .ue-item-badge\n{\n  position:absolute;\n  right:10px;\n  top:10px;\n}\n\n<\/style>\n\n<div class=\"uc_logo_marquee \" id=\"uc_logo_marquee_elementor_3fedac2\" style=\"direction:ltr;\" >\n   <div class=\"uc_marquee uc-items-wrapper\" data-height=\"160px\" data-speed=\"10000\" data-mobile-items=\"3\" data-tablet-items=\"4\" data-desktop-items=\"4\" data-margin=\"20\" data-paused=\"true\" data-direction=\"left\">\n   \t\t<div class=\"uc_logo_marquee_holder elementor-repeater-item-3127a56\">\n\t        <img decoding=\"async\" src=\"https:\/\/repagas.com\/wp-content\/uploads\/2024\/10\/certificado-applus-iso-9001-spain-portugal-france-madrid-barcelona-valencia-1.jpg\" alt=\"\" class=\"ue_img_marquee\">\n      \t\n        \n      \t\n      <\/div>\n<div class=\"uc_logo_marquee_holder elementor-repeater-item-6fdb220\">\n\t        <img decoding=\"async\" src=\"https:\/\/repagas.com\/wp-content\/uploads\/2024\/10\/certificado-pyme-innovadora-meic-spain-portugal-france-madrid-barcelona-valencia-1.png\" alt=\"\" class=\"ue_img_marquee\">\n      \t\n        \n      \t\n      <\/div>\n<div class=\"uc_logo_marquee_holder elementor-repeater-item-671adf2\">\n\t        <img decoding=\"async\" src=\"https:\/\/repagas.com\/wp-content\/uploads\/2024\/10\/certificado-CE-spain-portugal-france-madrid-barcelona-valencia-1-768x546.jpg\" alt=\"\" class=\"ue_img_marquee\">\n      \t\n        \n      \t\n      <\/div>\n<div class=\"uc_logo_marquee_holder elementor-repeater-item-ba7efb6\">\n\t        <img decoding=\"async\" src=\"https:\/\/repagas.com\/wp-content\/uploads\/2024\/10\/certificado-CEDEC-logo-spainportugal-madrid-barcelona-madrid-toledo-galicia-1-768x768.png\" alt=\"\" class=\"ue_img_marquee\">\n      \t\n        \n      \t\n      <\/div>\n\n   <\/div>\t\n<\/div>\n<!-- end Logo Marquee -->\t\t\t\t<\/div>\n\t\t\t\t<\/div>\n\t\t\t\t<\/div>\n\t\t\t\t<\/div>\n\t\t\t\t<section class=\"elementor-section elementor-top-section elementor-element elementor-element-985e997 elementor-section-boxed elementor-section-height-default elementor-section-height-default\" data-id=\"985e997\" data-element_type=\"section\" data-e-type=\"section\">\n\t\t\t\t\t\t<div class=\"elementor-container elementor-column-gap-default\">\n\t\t\t\t\t<div class=\"elementor-column elementor-col-100 elementor-top-column elementor-element elementor-element-eba274f\" data-id=\"eba274f\" data-element_type=\"column\" data-e-type=\"column\">\n\t\t\t<div class=\"elementor-widget-wrap elementor-element-populated\">\n\t\t\t\t\t\t<div class=\"elementor-element elementor-element-7dd410f elementor-widget elementor-widget-heading\" data-id=\"7dd410f\" data-element_type=\"widget\" data-e-type=\"widget\" data-widget_type=\"heading.default\">\n\t\t\t\t\t<h2 class=\"elementor-heading-title elementor-size-default\">Notre histoire<\/h2>\t\t\t\t<\/div>\n\t\t\t\t<div class=\"elementor-element elementor-element-15be73b elementor-widget elementor-widget-ucaddon_unlimited_timeline\" data-id=\"15be73b\" data-element_type=\"widget\" data-e-type=\"widget\" data-widget_type=\"ucaddon_unlimited_timeline.default\">\n\t\t\t\t<div class=\"elementor-widget-container\">\n\t\t\t\t\t\n<!-- start Unlimited Timeline -->\n\n<style>\/* widget: Unlimited Timeline *\/\n\n\n\n#uc_unlimited_timeline_elementor_15be73b{\n  direction:rtl;\n}\n\n#uc_unlimited_timeline_elementor_15be73b *{\n  box-sizing:border-box;\n}\n\n#uc_unlimited_timeline_elementor_15be73b .ue_timeline_item{\n  display:flex;\n  flex-direction:row-reverse;\n}\n\n#uc_unlimited_timeline_elementor_15be73b .ue_timeline_item_icon{\n  display:flex;\n  flex-direction:column;\n  align-items:center;\n}\n\n#uc_unlimited_timeline_elementor_15be73b .ue_timeline_item_icon_line{\n  flex-grow:1;\n}\n\n#uc_unlimited_timeline_elementor_15be73b .ue_timeline_item_icon_line_offset{\n  flex-grow:0;\n  flex-shrink:0;\n}\n\n#uc_unlimited_timeline_elementor_15be73b .ue_timeline_item_icon_holder{\n  display:flex;\n  justify-content:center;\n  align-items:center;\n  line-height:1em;\n  flex-direction:column;\n  transition: all 0.4s ease-in-out;\n  text-align: center;\n}\n\n#uc_unlimited_timeline_elementor_15be73b .ue_timeline_item_icon_holder svg{\n  height:1em;\n  width:1em;\n}\n\n#uc_unlimited_timeline_elementor_15be73b .ue_timeline_item_content{\n  flex:1;\n  flex-shrink:0;\n  flex-direction:row-reverse;\n}\n\n#uc_unlimited_timeline_elementor_15be73b .ue_timeline_item_spacer{\n  flex:1;\n  flex-shrink:0;\n}\n\n#uc_unlimited_timeline_elementor_15be73b .ue_timeline_item_content_main{\n  flex-grow:1;\n  word-break: break-word;\n  transition: all .3s;\n  position: relative;\n}\n\n#uc_unlimited_timeline_elementor_15be73b .ue_timeline_item_content_main_link{\n  position: absolute;\n  width: 100%;\n  height: 100%;\n  left: 0;\n  top: 0;\n  display: block;\n}\n\n#uc_unlimited_timeline_elementor_15be73b .ue_timeline_item_content{\n  display:flex;\n}\n\n#uc_unlimited_timeline_elementor_15be73b .ue_timeline_item_pointer_spacer{\n  flex-grow:0;\n  flex-shrink:0;\n}\n\n#uc_unlimited_timeline_elementor_15be73b .ue_timeline_item_icon{\n  flex-grow:0;\n  flex-shrink:0;\n}\n\n#uc_unlimited_timeline_elementor_15be73b .ue_timeline_item_pointer{  \n  flex-grow:0;\n  flex-shrink:0;\n  margin-top:0px;\n  position:relative;\n}\n\n#uc_unlimited_timeline_elementor_15be73b .ue_timeline_item .ue_timeline_item_content .ue_timeline_item_pointer .ue_timeline_item_pointer_inside{\n  position:relative;\n  clip-path: polygon(0 50%, 100% 0, 100% 100%);\n  transition: all .3s;\n}\n\n\t\n\n#uc_unlimited_timeline_elementor_15be73b .ue_timeline_item:last-child .ue_timeline_item_content{\n  margin-bottom:0px;\n}\n\n#uc_unlimited_timeline_elementor_15be73b .ue_timeline_item_spacer  {\n  display:none;\n}\n\n  #uc_unlimited_timeline_elementor_15be73b .ue_timeline_item:nth-child(odd)    {\n   flex-direction:row;\n  }\n\n  #uc_unlimited_timeline_elementor_15be73b .ue_timeline_item:nth-child(odd) .ue_timeline_item_content{\n   flex-direction:row;\n  } \n\n  #uc_unlimited_timeline_elementor_15be73b .ue_timeline_item_spacer  {\n    display:block;\n  }\n\n  #uc_unlimited_timeline_elementor_15be73b .ue_timeline_item:nth-child(odd) .ue_timeline_item_content .ue_timeline_item_pointer .ue_timeline_item_pointer_inside{ \n   clip-path: polygon(100% 50%, 0 0, 0 100%);\n  }\n\t\n\n#uc_unlimited_timeline_elementor_15be73b .ue_timeline_item_button{\n\tdisplay: flex;\n  \talign-items: center;\n}\n\n#uc_unlimited_timeline_elementor_15be73b .ue_timeline_item_link{\n\tcursor: pointer;\n  \ttransition: all .3s;\n}\n\n   #uc_unlimited_timeline_elementor_15be73b .ue_timeline_item .ue_timeline_item_content .ue_timeline_item_pointer .ue_timeline_item_pointer_inside   {\n     transform: scaleX(-1);\n   }\n\n.ue_timeline_item_title{\n  font-size:21px;\n}\n\n.ue_text_one, .ue_text_two, .ue_text_three{\n  font-size:14px;\n  line-height:1.1em;\n}\n\n.ue_timeline_item_icon_line_mask, .ue_timeline_item_icon_line_offset_mask {\n  width: 100%;\n  height: 0%;\n  max-height: 100%;\n  will-change: height;\n}\n\n#uc_unlimited_timeline_elementor_15be73b .ue_timeline_item_line_icon_holder{\n  position: relative;\n}\n\n#uc_unlimited_timeline_elementor_15be73b .ue_timeline_item_line_floating_icon,\n#uc_unlimited_timeline_elementor_15be73b .ue_timeline_item_line_floating_icon-offset{\n  position: absolute;\n  bottom: 0;\n  left: 50%;\n  transform: translate(-50%, 0%);\n  opacity: 0;\n  display: none;\n    display: none !important;\n  }\n\n#uc_unlimited_timeline_elementor_15be73b .ue_timeline_floating_icon{\n  display:flex;\n  opacity: 1;\n  justify-content:center;\n  align-items:center;\n  line-height:1em;\n  flex-direction:column;\n  transition: all 0.4s ease-in-out;\n  text-align: center;\n}\n  \n#uc_unlimited_timeline_elementor_15be73b .ue_timeline_item_image{\nobject-fit: cover;\n}\n\n#uc_unlimited_timeline_elementor_15be73b .ue_timeline_item_content_inside{\n  position:relative;\n}\n\n#uc_unlimited_timeline_elementor_15be73b .ue_timeline_item_content_main{\n  position:relative;\n  overflow:hidden;\n}\n\n\n@media only screen and (max-width: 769px) {\n  #uc_unlimited_timeline_elementor_15be73b .ue_timeline_item{\n    flex-direction:row-reverse !important;\n  }\n\n  #uc_unlimited_timeline_elementor_15be73b .ue_timeline_item .ue_timeline_item_content{\n   flex-direction:row-reverse !important;\n  }\n  \n  #uc_unlimited_timeline_elementor_15be73b .ue_timeline_item_spacer  {\n    display:none;\n  }\n  \n  #uc_unlimited_timeline_elementor_15be73b .ue_timeline_item .ue_timeline_item_content .ue_timeline_item_pointer .ue_timeline_item_pointer_inside  { \n   clip-path: polygon(0 50%, 100% 0, 100% 100%) !important;\n  }  \n}\n#uc_unlimited_timeline_elementor_15be73b .ue_timeline_item_img_wrapper{\n  display: flex;\n}\n#uc_unlimited_timeline_elementor_15be73b .ue_timeline_item:nth-child(even) .ue_timeline_item_img_wrapper{\n  justify-content: flex-end;\n}\n#uc_unlimited_timeline_elementor_15be73b .ue_timeline_item:nth-child(odd) .ue_timeline_item_img_wrapper{\n  justify-content: flex-start;\n}\n\t\n\n\n\n\n\n\t\n\n\n\n\n\n\t\n\n\n\n\n\n\t\n\n\n\n\n\n\t\n\n\n\n\n\n\t\n\n\n\n\n\n\t\n\n\n\n\n\n\t\n\n\n\n\n\n\t\n\n\n\n\n\n\t\n\n\n\n\n\n\t\n\n\n\n\n\n\t\n\n\n\n\n\n\t\n\n\n\n\n\n\t\n\n\n\n\n\n\t\n\n\n\n\n\n\n\n<\/style>\n\n<div id=\"uc_unlimited_timeline_elementor_15be73b\" class=\"uc-items-wrapper \"  >\n  \n<div class=\"ue_timeline_item elementor-repeater-item-d78226c \" id=\"uc_unlimited_timeline_elementor_15be73b_item1\">\n    <div class=\"ue_timeline_item_content\">\n      \n      <div class=\"ue_timeline_item_content_main\">\n        \n                                <img fetchpriority=\"high\" decoding=\"async\" class=\"ue_timeline_item_image\" src=\"https:\/\/repagas.com\/wp-content\/uploads\/2024\/10\/1971-cocinas-profesionales-industriales-hosteleria-plancha-gas-horno-repagas-spain-portugal-valencia-768x432.jpg\"  src=\"https:\/\/repagas.com\/wp-content\/uploads\/2024\/10\/1971-cocinas-profesionales-industriales-hosteleria-plancha-gas-horno-repagas-spain-portugal-valencia-768x432.jpg\" alt=\"1971-cocinas-profesionales-industriales-hosteleria-plancha-gas-horno-repagas-spain-portugal-valencia\" width=\"768\" height=\"432\">\n                          \n        <div class=\"ue_timeline_item_content_inside\">\n                <div class=\"ue_timeline_item_title\" >Fondation<\/div>          <div class=\"ue_timeline_item_subtitle\" ><\/div>\n        <div class=\"ue_timeline_item_text\"><p>Nous fondons Repagas, une entreprise familiale. \u00c0 sa t\u00eate, Eugenio Isabel, son fils Carlos Isabel et Antonio Vilches, dans un petit local situ\u00e9 dans le quartier madril\u00e8ne d\u2019Usera.<\/p><\/div>\t\n      \t          \n        <\/div>\n              <\/div>\n      \n            \n      <div class=\"ue_timeline_item_pointer_spacer\"><\/div>\n      \n    <\/div>\n  \n    <div class=\"ue_timeline_item_icon\">\n      <div class=\"ue_timeline_item_icon_line_offset\">\n      \t<div class=\"ue_timeline_item_icon_line_offset_mask ue_timeline_item_line_icon_holder\">\n          <div class=\"ue_timeline_item_line_floating_icon-offset ue_timeline_floating_icon\"><i class='fas fa-rocket'><\/i><\/div>\n        <\/div>\n      <\/div>\n      <div class=\"ue_timeline_item_icon_holder\">\n                                             <div class=\"ue_text_one\">1971<\/div>\n             <div class=\"ue_text_two\"><\/div>\n             <div class=\"ue_text_three\"><\/div>\n              <\/div>\n      \n      <div class=\"ue_timeline_item_icon_line\">\n      \t<div class=\"ue_timeline_item_icon_line_mask ue_timeline_item_line_icon_holder\">\n          <div class=\"ue_timeline_item_line_floating_icon ue_timeline_floating_icon\"><i class='fas fa-rocket'><\/i><\/div>\n        <\/div>\n      <\/div>\n      \n    <\/div>\n    <div class=\"ue_timeline_item_spacer\">\n        \t<\/div>\n  <\/div>\n\n<div class=\"ue_timeline_item elementor-repeater-item-1419ebe \" id=\"uc_unlimited_timeline_elementor_15be73b_item2\">\n    <div class=\"ue_timeline_item_content\">\n      \n      <div class=\"ue_timeline_item_content_main\">\n        \n                                <img decoding=\"async\" class=\"ue_timeline_item_image\" src=\"https:\/\/repagas.com\/wp-content\/uploads\/2024\/10\/1975-cocinas-profesionales-industriales-hosteleria-plancha-gas-horno-repagas-spain-portugal-valencia.jpg\"  src=\"https:\/\/repagas.com\/wp-content\/uploads\/2024\/10\/1975-cocinas-profesionales-industriales-hosteleria-plancha-gas-horno-repagas-spain-portugal-valencia.jpg\" alt=\"1975-cocinas-profesionales-industriales-hosteleria-plancha-gas-horno-repagas-spain-portugal-valencia\" width=\"695\" height=\"391\">\n                          \n        <div class=\"ue_timeline_item_content_inside\">\n                <div class=\"ue_timeline_item_title\" >Premier site de production<\/div>          <div class=\"ue_timeline_item_subtitle\" ><\/div>\n        <div class=\"ue_timeline_item_text\"><p>L\u2019usine poursuit son expansion et nous achetons notre premier b\u00e2timent industriel \u00e0 Humanes de Madrid. Un espace d\u2019exposition est \u00e9galement ouvert afin d\u2019offrir un meilleur service commercial \u00e0 nos clients.<\/p><\/div>\t\n      \t          \n        <\/div>\n              <\/div>\n      \n            \n      <div class=\"ue_timeline_item_pointer_spacer\"><\/div>\n      \n    <\/div>\n  \n    <div class=\"ue_timeline_item_icon\">\n      <div class=\"ue_timeline_item_icon_line_offset\">\n      \t<div class=\"ue_timeline_item_icon_line_offset_mask ue_timeline_item_line_icon_holder\">\n          <div class=\"ue_timeline_item_line_floating_icon-offset ue_timeline_floating_icon\"><i class='fas fa-rocket'><\/i><\/div>\n        <\/div>\n      <\/div>\n      <div class=\"ue_timeline_item_icon_holder\">\n                                             <div class=\"ue_text_one\">1975<\/div>\n             <div class=\"ue_text_two\"><\/div>\n             <div class=\"ue_text_three\"><\/div>\n              <\/div>\n      \n      <div class=\"ue_timeline_item_icon_line\">\n      \t<div class=\"ue_timeline_item_icon_line_mask ue_timeline_item_line_icon_holder\">\n          <div class=\"ue_timeline_item_line_floating_icon ue_timeline_floating_icon\"><i class='fas fa-rocket'><\/i><\/div>\n        <\/div>\n      <\/div>\n      \n    <\/div>\n    <div class=\"ue_timeline_item_spacer\">\n        \t<\/div>\n  <\/div>\n\n<div class=\"ue_timeline_item elementor-repeater-item-ca61d19 \" id=\"uc_unlimited_timeline_elementor_15be73b_item3\">\n    <div class=\"ue_timeline_item_content\">\n      \n      <div class=\"ue_timeline_item_content_main\">\n        \n                                <img decoding=\"async\" class=\"ue_timeline_item_image\" src=\"https:\/\/repagas.com\/wp-content\/uploads\/2024\/10\/1984-cocinas-profesionales-industriales-hosteleria-plancha-gas-horno-repagas-spain-portugal-valencia-768x432.jpg\"  src=\"https:\/\/repagas.com\/wp-content\/uploads\/2024\/10\/1984-cocinas-profesionales-industriales-hosteleria-plancha-gas-horno-repagas-spain-portugal-valencia-768x432.jpg\" alt=\"1984-cocinas-profesionales-industriales-hosteleria-plancha-gas-horno-repagas-spain-portugal-valencia\" width=\"768\" height=\"432\">\n                          \n        <div class=\"ue_timeline_item_content_inside\">\n                <div class=\"ue_timeline_item_title\" >Nouveaux produits<\/div>          <div class=\"ue_timeline_item_subtitle\" ><\/div>\n        <div class=\"ue_timeline_item_text\"><p>L\u2019usine poursuit son d\u00e9veloppement avec l\u2019int\u00e9gration de nouveaux produits et de nouvelles solutions destin\u00e9s aux cuisines professionnelles.<\/p><\/div>\t\n      \t          \n        <\/div>\n              <\/div>\n      \n            \n      <div class=\"ue_timeline_item_pointer_spacer\"><\/div>\n      \n    <\/div>\n  \n    <div class=\"ue_timeline_item_icon\">\n      <div class=\"ue_timeline_item_icon_line_offset\">\n      \t<div class=\"ue_timeline_item_icon_line_offset_mask ue_timeline_item_line_icon_holder\">\n          <div class=\"ue_timeline_item_line_floating_icon-offset ue_timeline_floating_icon\"><i class='fas fa-rocket'><\/i><\/div>\n        <\/div>\n      <\/div>\n      <div class=\"ue_timeline_item_icon_holder\">\n                                             <div class=\"ue_text_one\">1981<\/div>\n             <div class=\"ue_text_two\"><\/div>\n             <div class=\"ue_text_three\"><\/div>\n              <\/div>\n      \n      <div class=\"ue_timeline_item_icon_line\">\n      \t<div class=\"ue_timeline_item_icon_line_mask ue_timeline_item_line_icon_holder\">\n          <div class=\"ue_timeline_item_line_floating_icon ue_timeline_floating_icon\"><i class='fas fa-rocket'><\/i><\/div>\n        <\/div>\n      <\/div>\n      \n    <\/div>\n    <div class=\"ue_timeline_item_spacer\">\n        \t<\/div>\n  <\/div>\n\n<div class=\"ue_timeline_item elementor-repeater-item-589b8f7 \" id=\"uc_unlimited_timeline_elementor_15be73b_item4\">\n    <div class=\"ue_timeline_item_content\">\n      \n      <div class=\"ue_timeline_item_content_main\">\n        \n                                <img loading=\"lazy\" decoding=\"async\" class=\"ue_timeline_item_image\" src=\"https:\/\/repagas.com\/wp-content\/uploads\/2017\/09\/1987-768x432.jpg\"  src=\"https:\/\/repagas.com\/wp-content\/uploads\/2017\/09\/1987-768x432.jpg\" alt=\"Historia Repagas 1987\" width=\"768\" height=\"432\">\n                          \n        <div class=\"ue_timeline_item_content_inside\">\n                <div class=\"ue_timeline_item_title\" >Expansion internationale<\/div>          <div class=\"ue_timeline_item_subtitle\" ><\/div>\n        <div class=\"ue_timeline_item_text\"><p>Nous entamons notre expansion internationale en exportant nos produits vers la France. Par la suite, nous exporterons r\u00e9guli\u00e8rement vers <strong>40 pays \u00e0 travers le monde<\/strong>.<\/p><\/div>\t\n      \t          \n        <\/div>\n              <\/div>\n      \n            \n      <div class=\"ue_timeline_item_pointer_spacer\"><\/div>\n      \n    <\/div>\n  \n    <div class=\"ue_timeline_item_icon\">\n      <div class=\"ue_timeline_item_icon_line_offset\">\n      \t<div class=\"ue_timeline_item_icon_line_offset_mask ue_timeline_item_line_icon_holder\">\n          <div class=\"ue_timeline_item_line_floating_icon-offset ue_timeline_floating_icon\"><i class='fas fa-rocket'><\/i><\/div>\n        <\/div>\n      <\/div>\n      <div class=\"ue_timeline_item_icon_holder\">\n                                             <div class=\"ue_text_one\">1987<\/div>\n             <div class=\"ue_text_two\"><\/div>\n             <div class=\"ue_text_three\"><\/div>\n              <\/div>\n      \n      <div class=\"ue_timeline_item_icon_line\">\n      \t<div class=\"ue_timeline_item_icon_line_mask ue_timeline_item_line_icon_holder\">\n          <div class=\"ue_timeline_item_line_floating_icon ue_timeline_floating_icon\"><i class='fas fa-rocket'><\/i><\/div>\n        <\/div>\n      <\/div>\n      \n    <\/div>\n    <div class=\"ue_timeline_item_spacer\">\n        \t<\/div>\n  <\/div>\n\n<div class=\"ue_timeline_item elementor-repeater-item-88b7ea7 \" id=\"uc_unlimited_timeline_elementor_15be73b_item5\">\n    <div class=\"ue_timeline_item_content\">\n      \n      <div class=\"ue_timeline_item_content_main\">\n        \n                                <img loading=\"lazy\" decoding=\"async\" class=\"ue_timeline_item_image\" src=\"https:\/\/repagas.com\/wp-content\/uploads\/2017\/09\/1990-768x432.jpg\"  src=\"https:\/\/repagas.com\/wp-content\/uploads\/2017\/09\/1990-768x432.jpg\" alt=\"Historia Repagas 1990\" width=\"768\" height=\"432\">\n                          \n        <div class=\"ue_timeline_item_content_inside\">\n                <div class=\"ue_timeline_item_title\" >Fabricaci\u00f3n de hornos<\/div>          <div class=\"ue_timeline_item_subtitle\" ><\/div>\n        <div class=\"ue_timeline_item_text\"><p>Incluimos en el cat\u00e1logo de productos la fabricaci\u00f3n de hornos combinados.<\/p><\/div>\t\n      \t          \n        <\/div>\n              <\/div>\n      \n            \n      <div class=\"ue_timeline_item_pointer_spacer\"><\/div>\n      \n    <\/div>\n  \n    <div class=\"ue_timeline_item_icon\">\n      <div class=\"ue_timeline_item_icon_line_offset\">\n      \t<div class=\"ue_timeline_item_icon_line_offset_mask ue_timeline_item_line_icon_holder\">\n          <div class=\"ue_timeline_item_line_floating_icon-offset ue_timeline_floating_icon\"><i class='fas fa-rocket'><\/i><\/div>\n        <\/div>\n      <\/div>\n      <div class=\"ue_timeline_item_icon_holder\">\n                                             <div class=\"ue_text_one\">1990<\/div>\n             <div class=\"ue_text_two\"><\/div>\n             <div class=\"ue_text_three\"><\/div>\n              <\/div>\n      \n      <div class=\"ue_timeline_item_icon_line\">\n      \t<div class=\"ue_timeline_item_icon_line_mask ue_timeline_item_line_icon_holder\">\n          <div class=\"ue_timeline_item_line_floating_icon ue_timeline_floating_icon\"><i class='fas fa-rocket'><\/i><\/div>\n        <\/div>\n      <\/div>\n      \n    <\/div>\n    <div class=\"ue_timeline_item_spacer\">\n        \t<\/div>\n  <\/div>\n\n<div class=\"ue_timeline_item elementor-repeater-item-d12908a \" id=\"uc_unlimited_timeline_elementor_15be73b_item6\">\n    <div class=\"ue_timeline_item_content\">\n      \n      <div class=\"ue_timeline_item_content_main\">\n        \n                                <img loading=\"lazy\" decoding=\"async\" class=\"ue_timeline_item_image\" src=\"https:\/\/repagas.com\/wp-content\/uploads\/2017\/05\/2000-768x433.jpg\"  src=\"https:\/\/repagas.com\/wp-content\/uploads\/2017\/05\/2000-768x433.jpg\" alt=\"2000\" width=\"768\" height=\"433\">\n                          \n        <div class=\"ue_timeline_item_content_inside\">\n                <div class=\"ue_timeline_item_title\" >Nueva generaci\u00f3n<\/div>          <div class=\"ue_timeline_item_subtitle\" ><\/div>\n        <div class=\"ue_timeline_item_text\"><p>La nueva generaci\u00f3n que se incorpora a Repagas, asumiendo la direcci\u00f3n, da un salto cualitativo en los procesos de fabricaci\u00f3n y comerciales.<\/p><\/div>\t\n      \t          \n        <\/div>\n              <\/div>\n      \n            \n      <div class=\"ue_timeline_item_pointer_spacer\"><\/div>\n      \n    <\/div>\n  \n    <div class=\"ue_timeline_item_icon\">\n      <div class=\"ue_timeline_item_icon_line_offset\">\n      \t<div class=\"ue_timeline_item_icon_line_offset_mask ue_timeline_item_line_icon_holder\">\n          <div class=\"ue_timeline_item_line_floating_icon-offset ue_timeline_floating_icon\"><i class='fas fa-rocket'><\/i><\/div>\n        <\/div>\n      <\/div>\n      <div class=\"ue_timeline_item_icon_holder\">\n                                             <div class=\"ue_text_one\">2000<\/div>\n             <div class=\"ue_text_two\"><\/div>\n             <div class=\"ue_text_three\"><\/div>\n              <\/div>\n      \n      <div class=\"ue_timeline_item_icon_line\">\n      \t<div class=\"ue_timeline_item_icon_line_mask ue_timeline_item_line_icon_holder\">\n          <div class=\"ue_timeline_item_line_floating_icon ue_timeline_floating_icon\"><i class='fas fa-rocket'><\/i><\/div>\n        <\/div>\n      <\/div>\n      \n    <\/div>\n    <div class=\"ue_timeline_item_spacer\">\n        \t<\/div>\n  <\/div>\n\n<div class=\"ue_timeline_item elementor-repeater-item-eed0b00 \" id=\"uc_unlimited_timeline_elementor_15be73b_item7\">\n    <div class=\"ue_timeline_item_content\">\n      \n      <div class=\"ue_timeline_item_content_main\">\n        \n                                <img loading=\"lazy\" decoding=\"async\" class=\"ue_timeline_item_image\" src=\"https:\/\/repagas.com\/wp-content\/uploads\/2017\/05\/historia_2012.jpg\"  src=\"https:\/\/repagas.com\/wp-content\/uploads\/2017\/05\/historia_2012.jpg\" alt=\"historia_2012\" width=\"384\" height=\"301\">\n                          \n        <div class=\"ue_timeline_item_content_inside\">\n                <div class=\"ue_timeline_item_title\" >De cara al futuro<\/div>          <div class=\"ue_timeline_item_subtitle\" ><\/div>\n        <div class=\"ue_timeline_item_text\"><p>Cambiamos la imagen de la empresa de cara al futuro que est\u00e1 por llegar.<\/p><\/div>\t\n      \t          \n        <\/div>\n              <\/div>\n      \n            \n      <div class=\"ue_timeline_item_pointer_spacer\"><\/div>\n      \n    <\/div>\n  \n    <div class=\"ue_timeline_item_icon\">\n      <div class=\"ue_timeline_item_icon_line_offset\">\n      \t<div class=\"ue_timeline_item_icon_line_offset_mask ue_timeline_item_line_icon_holder\">\n          <div class=\"ue_timeline_item_line_floating_icon-offset ue_timeline_floating_icon\"><i class='fas fa-rocket'><\/i><\/div>\n        <\/div>\n      <\/div>\n      <div class=\"ue_timeline_item_icon_holder\">\n                                             <div class=\"ue_text_one\">2012<\/div>\n             <div class=\"ue_text_two\"><\/div>\n             <div class=\"ue_text_three\"><\/div>\n              <\/div>\n      \n      <div class=\"ue_timeline_item_icon_line\">\n      \t<div class=\"ue_timeline_item_icon_line_mask ue_timeline_item_line_icon_holder\">\n          <div class=\"ue_timeline_item_line_floating_icon ue_timeline_floating_icon\"><i class='fas fa-rocket'><\/i><\/div>\n        <\/div>\n      <\/div>\n      \n    <\/div>\n    <div class=\"ue_timeline_item_spacer\">\n        \t<\/div>\n  <\/div>\n\n<div class=\"ue_timeline_item elementor-repeater-item-e2f7dd9 \" id=\"uc_unlimited_timeline_elementor_15be73b_item8\">\n    <div class=\"ue_timeline_item_content\">\n      \n      <div class=\"ue_timeline_item_content_main\">\n        \n                                <img loading=\"lazy\" decoding=\"async\" class=\"ue_timeline_item_image\" src=\"https:\/\/repagas.com\/wp-content\/uploads\/2017\/09\/2015-768x432.jpg\"  src=\"https:\/\/repagas.com\/wp-content\/uploads\/2017\/09\/2015-768x432.jpg\" alt=\"Historia Repagas 2015\" width=\"768\" height=\"432\">\n                          \n        <div class=\"ue_timeline_item_content_inside\">\n                <div class=\"ue_timeline_item_title\" >Sistemas de producci\u00f3n<\/div>          <div class=\"ue_timeline_item_subtitle\" ><\/div>\n        <div class=\"ue_timeline_item_text\"><p>Incorporamos el sistema de producci\u00f3n Lean Manufacturing y un software MEF para el control de procesos productivos<\/p><\/div>\t\n      \t          \n        <\/div>\n              <\/div>\n      \n            \n      <div class=\"ue_timeline_item_pointer_spacer\"><\/div>\n      \n    <\/div>\n  \n    <div class=\"ue_timeline_item_icon\">\n      <div class=\"ue_timeline_item_icon_line_offset\">\n      \t<div class=\"ue_timeline_item_icon_line_offset_mask ue_timeline_item_line_icon_holder\">\n          <div class=\"ue_timeline_item_line_floating_icon-offset ue_timeline_floating_icon\"><i class='fas fa-rocket'><\/i><\/div>\n        <\/div>\n      <\/div>\n      <div class=\"ue_timeline_item_icon_holder\">\n                                             <div class=\"ue_text_one\">2015<\/div>\n             <div class=\"ue_text_two\"><\/div>\n             <div class=\"ue_text_three\"><\/div>\n              <\/div>\n      \n      <div class=\"ue_timeline_item_icon_line\">\n      \t<div class=\"ue_timeline_item_icon_line_mask ue_timeline_item_line_icon_holder\">\n          <div class=\"ue_timeline_item_line_floating_icon ue_timeline_floating_icon\"><i class='fas fa-rocket'><\/i><\/div>\n        <\/div>\n      <\/div>\n      \n    <\/div>\n    <div class=\"ue_timeline_item_spacer\">\n        \t<\/div>\n  <\/div>\n\n<div class=\"ue_timeline_item elementor-repeater-item-ddf23a2 \" id=\"uc_unlimited_timeline_elementor_15be73b_item9\">\n    <div class=\"ue_timeline_item_content\">\n      \n      <div class=\"ue_timeline_item_content_main\">\n        \n                                <img loading=\"lazy\" decoding=\"async\" class=\"ue_timeline_item_image\" src=\"https:\/\/repagas.com\/wp-content\/uploads\/2017\/09\/2016.jpg\"  src=\"https:\/\/repagas.com\/wp-content\/uploads\/2017\/09\/2016.jpg\" alt=\"Historia Repagas 2016\" width=\"711\" height=\"400\">\n                          \n        <div class=\"ue_timeline_item_content_inside\">\n                <div class=\"ue_timeline_item_title\" >17 delegaciones<\/div>          <div class=\"ue_timeline_item_subtitle\" ><\/div>\n        <div class=\"ue_timeline_item_text\"><p>Cumplimos 45 a\u00f1os prestando servicio al sector hostelero con soluciones innovadoras. La compa\u00f1\u00eda cuenta con 17 delegaciones repartidas por el territorio nacional e internacional<\/p><\/div>\t\n      \t          \n        <\/div>\n              <\/div>\n      \n            \n      <div class=\"ue_timeline_item_pointer_spacer\"><\/div>\n      \n    <\/div>\n  \n    <div class=\"ue_timeline_item_icon\">\n      <div class=\"ue_timeline_item_icon_line_offset\">\n      \t<div class=\"ue_timeline_item_icon_line_offset_mask ue_timeline_item_line_icon_holder\">\n          <div class=\"ue_timeline_item_line_floating_icon-offset ue_timeline_floating_icon\"><i class='fas fa-rocket'><\/i><\/div>\n        <\/div>\n      <\/div>\n      <div class=\"ue_timeline_item_icon_holder\">\n                                             <div class=\"ue_text_one\">2016<\/div>\n             <div class=\"ue_text_two\"><\/div>\n             <div class=\"ue_text_three\"><\/div>\n              <\/div>\n      \n      <div class=\"ue_timeline_item_icon_line\">\n      \t<div class=\"ue_timeline_item_icon_line_mask ue_timeline_item_line_icon_holder\">\n          <div class=\"ue_timeline_item_line_floating_icon ue_timeline_floating_icon\"><i class='fas fa-rocket'><\/i><\/div>\n        <\/div>\n      <\/div>\n      \n    <\/div>\n    <div class=\"ue_timeline_item_spacer\">\n        \t<\/div>\n  <\/div>\n\n<div class=\"ue_timeline_item elementor-repeater-item-e8dbb2b \" id=\"uc_unlimited_timeline_elementor_15be73b_item10\">\n    <div class=\"ue_timeline_item_content\">\n      \n      <div class=\"ue_timeline_item_content_main\">\n        \n                                <img loading=\"lazy\" decoding=\"async\" class=\"ue_timeline_item_image\" src=\"https:\/\/repagas.com\/wp-content\/uploads\/2017\/09\/2017-768x432.jpg\"  src=\"https:\/\/repagas.com\/wp-content\/uploads\/2017\/09\/2017-768x432.jpg\" alt=\"Historia Repagas 2017\" width=\"768\" height=\"432\">\n                          \n        <div class=\"ue_timeline_item_content_inside\">\n                <div class=\"ue_timeline_item_title\" >Repagas Concept<\/div>          <div class=\"ue_timeline_item_subtitle\" ><\/div>\n        <div class=\"ue_timeline_item_text\"><p>Acuerdo de colaboraci\u00f3n con Pepe Rodr\u00edguez con quien se desarrolla el proyecto de \u201c<strong>Repagas Concept<\/strong>\u201c. Implementaci\u00f3n de nuevo proceso de fabricaci\u00f3n.<\/p><\/div>\t\n      \t          \n        <\/div>\n              <\/div>\n      \n            \n      <div class=\"ue_timeline_item_pointer_spacer\"><\/div>\n      \n    <\/div>\n  \n    <div class=\"ue_timeline_item_icon\">\n      <div class=\"ue_timeline_item_icon_line_offset\">\n      \t<div class=\"ue_timeline_item_icon_line_offset_mask ue_timeline_item_line_icon_holder\">\n          <div class=\"ue_timeline_item_line_floating_icon-offset ue_timeline_floating_icon\"><i class='fas fa-rocket'><\/i><\/div>\n        <\/div>\n      <\/div>\n      <div class=\"ue_timeline_item_icon_holder\">\n                                             <div class=\"ue_text_one\">2017<\/div>\n             <div class=\"ue_text_two\"><\/div>\n             <div class=\"ue_text_three\"><\/div>\n              <\/div>\n      \n      <div class=\"ue_timeline_item_icon_line\">\n      \t<div class=\"ue_timeline_item_icon_line_mask ue_timeline_item_line_icon_holder\">\n          <div class=\"ue_timeline_item_line_floating_icon ue_timeline_floating_icon\"><i class='fas fa-rocket'><\/i><\/div>\n        <\/div>\n      <\/div>\n      \n    <\/div>\n    <div class=\"ue_timeline_item_spacer\">\n        \t<\/div>\n  <\/div>\n\n<div class=\"ue_timeline_item elementor-repeater-item-c34320a \" id=\"uc_unlimited_timeline_elementor_15be73b_item11\">\n    <div class=\"ue_timeline_item_content\">\n      \n      <div class=\"ue_timeline_item_content_main\">\n        \n                                <img loading=\"lazy\" decoding=\"async\" class=\"ue_timeline_item_image\" src=\"https:\/\/repagas.com\/wp-content\/uploads\/2019\/10\/Conocenos_innovacion_tecnologia_Repagas.jpg\"  src=\"https:\/\/repagas.com\/wp-content\/uploads\/2019\/10\/Conocenos_innovacion_tecnologia_Repagas.jpg\" alt=\"Conocenos_innovacion_tecnologia_Repagas\" width=\"695\" height=\"391\">\n                          \n        <div class=\"ue_timeline_item_content_inside\">\n                <div class=\"ue_timeline_item_title\" >Ministerio de Ciencia e innovaci\u00f3n<\/div>          <div class=\"ue_timeline_item_subtitle\" ><\/div>\n        <div class=\"ue_timeline_item_text\"><p>El Ministerio de Ciencia e innovaci\u00f3n nos otorga el sello \u201cPyme Innovadora\u201d por nuestra labor I + D + i.<\/p><\/div>\t\n      \t          \n        <\/div>\n              <\/div>\n      \n            \n      <div class=\"ue_timeline_item_pointer_spacer\"><\/div>\n      \n    <\/div>\n  \n    <div class=\"ue_timeline_item_icon\">\n      <div class=\"ue_timeline_item_icon_line_offset\">\n      \t<div class=\"ue_timeline_item_icon_line_offset_mask ue_timeline_item_line_icon_holder\">\n          <div class=\"ue_timeline_item_line_floating_icon-offset ue_timeline_floating_icon\"><i class='fas fa-rocket'><\/i><\/div>\n        <\/div>\n      <\/div>\n      <div class=\"ue_timeline_item_icon_holder\">\n                                             <div class=\"ue_text_one\">2018<\/div>\n             <div class=\"ue_text_two\"><\/div>\n             <div class=\"ue_text_three\"><\/div>\n              <\/div>\n      \n      <div class=\"ue_timeline_item_icon_line\">\n      \t<div class=\"ue_timeline_item_icon_line_mask ue_timeline_item_line_icon_holder\">\n          <div class=\"ue_timeline_item_line_floating_icon ue_timeline_floating_icon\"><i class='fas fa-rocket'><\/i><\/div>\n        <\/div>\n      <\/div>\n      \n    <\/div>\n    <div class=\"ue_timeline_item_spacer\">\n        \t<\/div>\n  <\/div>\n\n<div class=\"ue_timeline_item elementor-repeater-item-bcee44b \" id=\"uc_unlimited_timeline_elementor_15be73b_item12\">\n    <div class=\"ue_timeline_item_content\">\n      \n      <div class=\"ue_timeline_item_content_main\">\n        \n                                <img loading=\"lazy\" decoding=\"async\" class=\"ue_timeline_item_image\" src=\"https:\/\/repagas.com\/wp-content\/uploads\/2019\/10\/Repagas_concept_imagotipo_conocenos.jpg\"  src=\"https:\/\/repagas.com\/wp-content\/uploads\/2019\/10\/Repagas_concept_imagotipo_conocenos.jpg\" alt=\"Repagas_concept_imagotipo_conocenos\" width=\"695\" height=\"391\">\n                          \n        <div class=\"ue_timeline_item_content_inside\">\n                <div class=\"ue_timeline_item_title\" >Foco en la hosteler\u00eda<\/div>          <div class=\"ue_timeline_item_subtitle\" ><\/div>\n        <div class=\"ue_timeline_item_text\"><p>Nace nuestro servicio <a href=\"https:\/\/repagas.com\/repagas-concept\/\"><span style=\"color: #e04c4c;\"><strong>Repagas Concept<\/strong> <\/span><\/a>de asesor\u00eda integral enfocada en negocios de hosteler\u00eda: Hoteles, Restaurantes y Restauraci\u00f3n organizada<\/p><\/div>\t\n      \t          \n        <\/div>\n              <\/div>\n      \n            \n      <div class=\"ue_timeline_item_pointer_spacer\"><\/div>\n      \n    <\/div>\n  \n    <div class=\"ue_timeline_item_icon\">\n      <div class=\"ue_timeline_item_icon_line_offset\">\n      \t<div class=\"ue_timeline_item_icon_line_offset_mask ue_timeline_item_line_icon_holder\">\n          <div class=\"ue_timeline_item_line_floating_icon-offset ue_timeline_floating_icon\"><i class='fas fa-rocket'><\/i><\/div>\n        <\/div>\n      <\/div>\n      <div class=\"ue_timeline_item_icon_holder\">\n                                             <div class=\"ue_text_one\">2018<\/div>\n             <div class=\"ue_text_two\"><\/div>\n             <div class=\"ue_text_three\"><\/div>\n              <\/div>\n      \n      <div class=\"ue_timeline_item_icon_line\">\n      \t<div class=\"ue_timeline_item_icon_line_mask ue_timeline_item_line_icon_holder\">\n          <div class=\"ue_timeline_item_line_floating_icon ue_timeline_floating_icon\"><i class='fas fa-rocket'><\/i><\/div>\n        <\/div>\n      <\/div>\n      \n    <\/div>\n    <div class=\"ue_timeline_item_spacer\">\n        \t<\/div>\n  <\/div>\n\n<div class=\"ue_timeline_item elementor-repeater-item-dad11f6 \" id=\"uc_unlimited_timeline_elementor_15be73b_item13\">\n    <div class=\"ue_timeline_item_content\">\n      \n      <div class=\"ue_timeline_item_content_main\">\n        \n                                <img loading=\"lazy\" decoding=\"async\" class=\"ue_timeline_item_image\" src=\"https:\/\/repagas.com\/wp-content\/uploads\/2019\/10\/vanguardia-tecnologica-conocenos-Repagas.jpg\"  src=\"https:\/\/repagas.com\/wp-content\/uploads\/2019\/10\/vanguardia-tecnologica-conocenos-Repagas.jpg\" alt=\"vanguardia-tecnologica-conocenos-Repagas\" width=\"695\" height=\"391\">\n                          \n        <div class=\"ue_timeline_item_content_inside\">\n                <div class=\"ue_timeline_item_title\" >Maquinaria de \u00faltima generaci\u00f3n<\/div>          <div class=\"ue_timeline_item_subtitle\" ><\/div>\n        <div class=\"ue_timeline_item_text\"><p>Se culmina nuestra inversi\u00f3n en calidad y mejora constante\u00a0 poniendo nuestra <span style=\"color: #e04c4c;\"><strong>planta productiva<\/strong> <\/span>a la vanguardia tecnol\u00f3gica con <span style=\"color: #e04c4c;\"><strong>maquinaria de \u00faltima generaci\u00f3n<\/strong><\/span><\/p><\/div>\t\n      \t          \n        <\/div>\n              <\/div>\n      \n            \n      <div class=\"ue_timeline_item_pointer_spacer\"><\/div>\n      \n    <\/div>\n  \n    <div class=\"ue_timeline_item_icon\">\n      <div class=\"ue_timeline_item_icon_line_offset\">\n      \t<div class=\"ue_timeline_item_icon_line_offset_mask ue_timeline_item_line_icon_holder\">\n          <div class=\"ue_timeline_item_line_floating_icon-offset ue_timeline_floating_icon\"><i class='fas fa-rocket'><\/i><\/div>\n        <\/div>\n      <\/div>\n      <div class=\"ue_timeline_item_icon_holder\">\n                                             <div class=\"ue_text_one\">2019<\/div>\n             <div class=\"ue_text_two\"><\/div>\n             <div class=\"ue_text_three\"><\/div>\n              <\/div>\n      \n      <div class=\"ue_timeline_item_icon_line\">\n      \t<div class=\"ue_timeline_item_icon_line_mask ue_timeline_item_line_icon_holder\">\n          <div class=\"ue_timeline_item_line_floating_icon ue_timeline_floating_icon\"><i class='fas fa-rocket'><\/i><\/div>\n        <\/div>\n      <\/div>\n      \n    <\/div>\n    <div class=\"ue_timeline_item_spacer\">\n        \t<\/div>\n  <\/div>\n\n<div class=\"ue_timeline_item elementor-repeater-item-4d61cc7 \" id=\"uc_unlimited_timeline_elementor_15be73b_item14\">\n    <div class=\"ue_timeline_item_content\">\n      \n      <div class=\"ue_timeline_item_content_main\">\n        \n                                <img loading=\"lazy\" decoding=\"async\" class=\"ue_timeline_item_image\" src=\"https:\/\/repagas.com\/wp-content\/uploads\/2019\/10\/Demo_expo_conocenos_Repagas.jpg\"  src=\"https:\/\/repagas.com\/wp-content\/uploads\/2019\/10\/Demo_expo_conocenos_Repagas.jpg\" alt=\"Demo_expo_conocenos_Repagas\" width=\"695\" height=\"391\">\n                          \n        <div class=\"ue_timeline_item_content_inside\">\n                <div class=\"ue_timeline_item_title\" >La experiencia Repagas<\/div>          <div class=\"ue_timeline_item_subtitle\" ><\/div>\n        <div class=\"ue_timeline_item_text\"><p>Inauguramos <a href=\"https:\/\/repagas.com\/experiencia-repagas\/\"><span style=\"color: #e04c4c;\"><strong>\"La experiencia Repagas\"<\/strong><\/span><\/a>, visitas a nuestra <span style=\"color: #e04c4c;\"><strong>planta productiva,\u00a0 zona de exposici\u00f3n y demostraci\u00f3n<\/strong><\/span> por parte de clientes y escuelas de hosteler\u00eda.<\/p><\/div>\t\n      \t          \n        <\/div>\n              <\/div>\n      \n            \n      <div class=\"ue_timeline_item_pointer_spacer\"><\/div>\n      \n    <\/div>\n  \n    <div class=\"ue_timeline_item_icon\">\n      <div class=\"ue_timeline_item_icon_line_offset\">\n      \t<div class=\"ue_timeline_item_icon_line_offset_mask ue_timeline_item_line_icon_holder\">\n          <div class=\"ue_timeline_item_line_floating_icon-offset ue_timeline_floating_icon\"><i class='fas fa-rocket'><\/i><\/div>\n        <\/div>\n      <\/div>\n      <div class=\"ue_timeline_item_icon_holder\">\n                                             <div class=\"ue_text_one\">2019<\/div>\n             <div class=\"ue_text_two\"><\/div>\n             <div class=\"ue_text_three\"><\/div>\n              <\/div>\n      \n      <div class=\"ue_timeline_item_icon_line\">\n      \t<div class=\"ue_timeline_item_icon_line_mask ue_timeline_item_line_icon_holder\">\n          <div class=\"ue_timeline_item_line_floating_icon ue_timeline_floating_icon\"><i class='fas fa-rocket'><\/i><\/div>\n        <\/div>\n      <\/div>\n      \n    <\/div>\n    <div class=\"ue_timeline_item_spacer\">\n        \t<\/div>\n  <\/div>\n\n<div class=\"ue_timeline_item elementor-repeater-item-1ceb91f \" id=\"uc_unlimited_timeline_elementor_15be73b_item15\">\n    <div class=\"ue_timeline_item_content\">\n      \n      <div class=\"ue_timeline_item_content_main\">\n        \n                                <img loading=\"lazy\" decoding=\"async\" class=\"ue_timeline_item_image\" src=\"https:\/\/repagas.com\/wp-content\/uploads\/2019\/10\/conocenos_lavado-Repagas.jpg\"  src=\"https:\/\/repagas.com\/wp-content\/uploads\/2019\/10\/conocenos_lavado-Repagas.jpg\" alt=\"conocenos_lavado-Repagas\" width=\"695\" height=\"391\">\n                          \n        <div class=\"ue_timeline_item_content_inside\">\n                <div class=\"ue_timeline_item_title\" >Nuevos productos<\/div>          <div class=\"ue_timeline_item_subtitle\" ><\/div>\n        <div class=\"ue_timeline_item_text\"><p>Evolucionamos contigo y te ofrecemos <br \/>nuevas gamas de producto: <span style=\"color: #e04c4c;\"><strong>refrigeraci\u00f3n y lavado.<\/strong>\u00a0<\/span><\/p><\/div>\t\n      \t          \n        <\/div>\n              <\/div>\n      \n            \n      <div class=\"ue_timeline_item_pointer_spacer\"><\/div>\n      \n    <\/div>\n  \n    <div class=\"ue_timeline_item_icon\">\n      <div class=\"ue_timeline_item_icon_line_offset\">\n      \t<div class=\"ue_timeline_item_icon_line_offset_mask ue_timeline_item_line_icon_holder\">\n          <div class=\"ue_timeline_item_line_floating_icon-offset ue_timeline_floating_icon\"><i class='fas fa-rocket'><\/i><\/div>\n        <\/div>\n      <\/div>\n      <div class=\"ue_timeline_item_icon_holder\">\n                                             <div class=\"ue_text_one\">2019<\/div>\n             <div class=\"ue_text_two\"><\/div>\n             <div class=\"ue_text_three\"><\/div>\n              <\/div>\n      \n      <div class=\"ue_timeline_item_icon_line\">\n      \t<div class=\"ue_timeline_item_icon_line_mask ue_timeline_item_line_icon_holder\">\n          <div class=\"ue_timeline_item_line_floating_icon ue_timeline_floating_icon\"><i class='fas fa-rocket'><\/i><\/div>\n        <\/div>\n      <\/div>\n      \n    <\/div>\n    <div class=\"ue_timeline_item_spacer\">\n        \t<\/div>\n  <\/div>\n \n<\/div>\n<!-- end Unlimited Timeline -->\t\t\t\t<\/div>\n\t\t\t\t<\/div>\n\t\t\t\t\t<\/div>\n\t\t<\/div>\n\t\t\t\t\t<\/div>\n\t\t<\/section>\n\t\t<div class=\"elementor-element elementor-element-71d143f e-flex e-con-boxed e-con e-parent\" data-id=\"71d143f\" data-element_type=\"container\" data-e-type=\"container\">\n\t\t\t\t\t<div class=\"e-con-inner\">\n\t\t<div class=\"elementor-element elementor-element-ea53b43 e-con-full e-flex e-con e-child\" data-id=\"ea53b43\" data-element_type=\"container\" data-e-type=\"container\" data-settings=\"{&quot;sticky&quot;:&quot;top&quot;,&quot;sticky_on&quot;:[&quot;desktop&quot;,&quot;tablet&quot;],&quot;sticky_parent&quot;:&quot;yes&quot;,&quot;sticky_offset&quot;:0,&quot;sticky_effects_offset&quot;:0,&quot;sticky_anchor_link_offset&quot;:0}\">\n\t\t\t\t<div class=\"elementor-element elementor-element-775408b elementor-invisible elementor-widget elementor-widget-heading\" data-id=\"775408b\" data-element_type=\"widget\" data-e-type=\"widget\" data-settings=\"{&quot;_animation&quot;:&quot;fadeInLeft&quot;}\" data-widget_type=\"heading.default\">\n\t\t\t\t\t<h4 class=\"elementor-heading-title elementor-size-default\">Entrevista a nuestro director comercial<\/h4>\t\t\t\t<\/div>\n\t\t\t\t<div class=\"elementor-element elementor-element-81a1136 elementor-invisible elementor-widget elementor-widget-heading\" data-id=\"81a1136\" data-element_type=\"widget\" data-e-type=\"widget\" data-settings=\"{&quot;_animation&quot;:&quot;fadeInLeft&quot;,&quot;_animation_delay&quot;:0}\" data-widget_type=\"heading.default\">\n\t\t\t\t\t<h2 class=\"elementor-heading-title elementor-size-default\">Sergio Isabel<\/h2>\t\t\t\t<\/div>\n\t\t\t\t<\/div>\n\t\t<div class=\"elementor-element elementor-element-a9a9181 e-con-full e-flex e-con e-child\" data-id=\"a9a9181\" data-element_type=\"container\" data-e-type=\"container\">\n\t\t\t\t<div class=\"elementor-element elementor-element-385d614 elementor-widget elementor-widget-text-editor\" data-id=\"385d614\" data-element_type=\"widget\" data-e-type=\"widget\" data-widget_type=\"text-editor.default\">\n\t\t\t\t\t\t\t\t\t<iframe title=\"MAB Hostelero - 255\" src=\"https:\/\/e.issuu.com\/embed.html?u=peldano&d=mab-hostelero_3_255&pageNumber=24\" style=\"border:none; width: 800px; height: 613px;\" allow=\"clipboard-write,allow-top-navigation,allow-top-navigation-by-user-activation,allow-downloads,allow-scripts,allow-same-origin,allow-popups,allow-modals,allow-popups-to-escape-sandbox,allow-forms\"  allowfullscreen=\"true\"><\/iframe>\t\t\t\t\t\t\t\t<\/div>\n\t\t\t\t<\/div>\n\t\t\t\t\t<\/div>\n\t\t\t\t<\/div>\n\t\t<div class=\"elementor-element elementor-element-0014b4a e-flex e-con-boxed e-con e-parent\" data-id=\"0014b4a\" data-element_type=\"container\" data-e-type=\"container\">\n\t\t\t\t\t<div class=\"e-con-inner\">\n\t\t\t\t<div class=\"elementor-element elementor-element-6ac6bdf elementor-widget elementor-widget-html\" data-id=\"6ac6bdf\" data-element_type=\"widget\" data-e-type=\"widget\" data-widget_type=\"html.default\">\n\t\t\t\t\t<script type=\"application\/ld+json\">\n{\n  \"@context\": \"https:\/\/schema.org\",\n  \"@type\": \"AboutPage\",\n  \"@id\": \"https:\/\/repagas.com\/conocenos\/#aboutpage\",\n  \"name\": \"Con\u00f3cenos - Repagas\",\n  \"url\": \"https:\/\/repagas.com\/conocenos\/\",\n  \"description\": \"Somos una empresa con fuerte liderazgo y tradici\u00f3n familiar en la fabricaci\u00f3n y comercializaci\u00f3n de equipamientos y cocinas profesionales para hosteler\u00eda desde 1971.\",\n  \"mainEntity\": {\n    \"@type\": [\"Organization\", \"LocalBusiness\", \"ProfessionalService\"],\n    \"@id\": \"https:\/\/repagas.com\/#organization\",\n    \"name\": \"Repagas\",\n    \"url\": \"https:\/\/repagas.com\/\",\n    \"logo\": \"https:\/\/repagas.com\/wp-content\/uploads\/2022\/02\/logo-repagas.png\",\n    \"description\": \"Fabricante y proveedor de maquinaria de hosteler\u00eda, cocinas industriales, freidoras y planchas para restaurantes, hoteles y colectividades desde 1971.\",\n    \"foundingDate\": \"1971\",\n    \"founders\": [\n      {\n        \"@type\": \"Person\",\n        \"name\": \"Eugenio Isabel\",\n        \"jobTitle\": \"Fundador y Co-director\"\n      },\n      {\n        \"@type\": \"Person\",\n        \"name\": \"Carlos Isabel\",\n        \"jobTitle\": \"Fundador y Co-director\"\n      },\n      {\n        \"@type\": \"Person\",\n        \"name\": \"Antonio Vilches\",\n        \"jobTitle\": \"Fundador\"\n      }\n    ],\n    \"address\": {\n      \"@type\": \"PostalAddress\",\n      \"streetAddress\": \"Avenida de Fuenlabrada, 12\",\n      \"addressLocality\": \"Humanes de Madrid\",\n      \"addressRegion\": \"Madrid\",\n      \"postalCode\": \"28970\",\n      \"addressCountry\": \"ES\"\n    },\n    \"telephone\": \"+34916048244\",\n    \"email\": \"info@repagas.com\",\n    \"knowsAbout\": [\n      \"Fabricaci\u00f3n de equipamiento para hosteler\u00eda\",\n      \"Cocinas industriales\",\n      \"Freidoras industriales\",\n      \"Planchas de cocina industrial\",\n      \"Hornos profesionales\",\n      \"Proyectos integrales para restaurantes\"\n    ],\n    \"sameAs\": [\n      \"https:\/\/www.instagram.com\/repagas_oficial\/\",\n      \"https:\/\/www.linkedin.com\/company\/repagas\/\",\n      \"https:\/\/www.youtube.com\/channel\/Repagas\"\n    ]\n  }\n}\n<\/script>\t\t\t\t<\/div>\n\t\t\t\t\t<\/div>\n\t\t\t\t<\/div>\n\t\t\t\t<\/div>\n\t\t","protected":false},"excerpt":{"rendered":"<p>D\u00e9couvrez-nous Nous sommes une entreprise familiale reconnue pour son savoir-faire dans la fabrication et la commercialisation d\u2019\u00e9quipements professionnels pour l\u2019h\u00f4tellerie-restauration. Depuis 1971, nous proposons aux march\u00e9s espagnol et international des produits durables et de haute qualit\u00e9. Avec plus de 50 ans d\u2019exp\u00e9rience, nous sommes devenus une r\u00e9f\u00e9rence dans le secteur, gr\u00e2ce \u00e0 la confiance et [&hellip;]<\/p>\n","protected":false},"author":1,"featured_media":0,"parent":0,"menu_order":1,"comment_status":"closed","ping_status":"closed","template":"elementor_header_footer","meta":{"footnotes":""},"class_list":["post-594","page","type-page","status-publish","hentry"],"yoast_head":"<!-- This site is optimized with the Yoast SEO plugin v28.3 - https:\/\/yoast.com\/product\/yoast-seo-wordpress\/ -->\n<title>Repagas, la cuisine est un espace primordial. Decouvrez qui sommes-nous<\/title>\n<meta name=\"description\" content=\"Nous sommes une entreprise familiale leader dans la fabrication et la commercialisation d\u2019\u00e9quipements professionnels pour le secteur de l\u2019h\u00f4tellerie\" \/>\n<meta name=\"robots\" content=\"index, follow, max-snippet:-1, max-image-preview:large, max-video-preview:-1\" \/>\n<link rel=\"canonical\" href=\"https:\/\/repagas.com\/fr\/a-propos-de-nous\/\" \/>\n<meta property=\"og:locale\" content=\"fr_FR\" \/>\n<meta property=\"og:type\" content=\"article\" \/>\n<meta property=\"og:title\" content=\"Repagas, la cuisine est un espace primordial. Decouvrez qui sommes-nous\" \/>\n<meta property=\"og:description\" content=\"Nous sommes une entreprise familiale leader dans la fabrication et la commercialisation d\u2019\u00e9quipements professionnels pour le secteur de l\u2019h\u00f4tellerie\" \/>\n<meta property=\"og:url\" content=\"https:\/\/repagas.com\/fr\/a-propos-de-nous\/\" \/>\n<meta property=\"og:site_name\" content=\"Repagas\" \/>\n<meta property=\"article:publisher\" content=\"https:\/\/www.facebook.com\/Repagas\/\" \/>\n<meta property=\"article:modified_time\" content=\"2026-08-29T17:59:19+00:00\" \/>\n<meta name=\"twitter:card\" content=\"summary_large_image\" \/>\n<meta name=\"twitter:site\" content=\"@Repagas\" \/>\n<meta name=\"twitter:label1\" content=\"Dur\u00e9e de lecture estim\u00e9e\" \/>\n\t<meta name=\"twitter:data1\" content=\"9 minutes\" \/>\n<script type=\"application\/ld+json\" class=\"yoast-schema-graph\">{\"@context\":\"https:\\\/\\\/schema.org\",\"@graph\":[{\"@type\":\"WebPage\",\"@id\":\"https:\\\/\\\/repagas.com\\\/fr\\\/a-propos-de-nous\\\/\",\"url\":\"https:\\\/\\\/repagas.com\\\/fr\\\/a-propos-de-nous\\\/\",\"name\":\"Repagas, la cuisine est un espace primordial. Decouvrez qui sommes-nous\",\"isPartOf\":{\"@id\":\"https:\\\/\\\/repagas.com\\\/#website\"},\"datePublished\":\"2017-05-09T15:39:31+00:00\",\"dateModified\":\"2026-08-29T17:59:19+00:00\",\"description\":\"Nous sommes une entreprise familiale leader dans la fabrication et la commercialisation d\u2019\u00e9quipements professionnels pour le secteur de l\u2019h\u00f4tellerie\",\"breadcrumb\":{\"@id\":\"https:\\\/\\\/repagas.com\\\/fr\\\/a-propos-de-nous\\\/#breadcrumb\"},\"inLanguage\":\"fr-FR\",\"potentialAction\":[{\"@type\":\"ReadAction\",\"target\":[\"https:\\\/\\\/repagas.com\\\/fr\\\/a-propos-de-nous\\\/\"]}]},{\"@type\":\"BreadcrumbList\",\"@id\":\"https:\\\/\\\/repagas.com\\\/fr\\\/a-propos-de-nous\\\/#breadcrumb\",\"itemListElement\":[{\"@type\":\"ListItem\",\"position\":1,\"name\":\"Portada\",\"item\":\"https:\\\/\\\/repagas.com\\\/fr\\\/\"},{\"@type\":\"ListItem\",\"position\":2,\"name\":\"\u00c0 propos de nous\"}]},{\"@type\":\"WebSite\",\"@id\":\"https:\\\/\\\/repagas.com\\\/#website\",\"url\":\"https:\\\/\\\/repagas.com\\\/\",\"name\":\"Repagas\",\"description\":\"Equipamientos para Hosteler\u00eda, Cocinas industriales para restaurantes, hoteles, bares, cafeter\u00edas, Equipamiento industrial\",\"publisher\":{\"@id\":\"https:\\\/\\\/repagas.com\\\/#organization\"},\"potentialAction\":[{\"@type\":\"SearchAction\",\"target\":{\"@type\":\"EntryPoint\",\"urlTemplate\":\"https:\\\/\\\/repagas.com\\\/?s={search_term_string}\"},\"query-input\":{\"@type\":\"PropertyValueSpecification\",\"valueRequired\":true,\"valueName\":\"search_term_string\"}}],\"inLanguage\":\"fr-FR\"},{\"@type\":\"Organization\",\"@id\":\"https:\\\/\\\/repagas.com\\\/#organization\",\"name\":\"REPAGAS\",\"url\":\"https:\\\/\\\/repagas.com\\\/\",\"logo\":{\"@type\":\"ImageObject\",\"inLanguage\":\"fr-FR\",\"@id\":\"https:\\\/\\\/repagas.com\\\/#\\\/schema\\\/logo\\\/image\\\/\",\"url\":\"\",\"contentUrl\":\"\",\"caption\":\"REPAGAS\"},\"image\":{\"@id\":\"https:\\\/\\\/repagas.com\\\/#\\\/schema\\\/logo\\\/image\\\/\"},\"sameAs\":[\"https:\\\/\\\/www.facebook.com\\\/Repagas\\\/\",\"https:\\\/\\\/x.com\\\/Repagas\"]}]}<\/script>\n<!-- \/ Yoast SEO plugin. -->","yoast_head_json":{"title":"Repagas, la cuisine est un espace primordial. Decouvrez qui sommes-nous","description":"Nous sommes une entreprise familiale leader dans la fabrication et la commercialisation d\u2019\u00e9quipements professionnels pour le secteur de l\u2019h\u00f4tellerie","robots":{"index":"index","follow":"follow","max-snippet":"max-snippet:-1","max-image-preview":"max-image-preview:large","max-video-preview":"max-video-preview:-1"},"canonical":"https:\/\/repagas.com\/fr\/a-propos-de-nous\/","og_locale":"fr_FR","og_type":"article","og_title":"Repagas, la cuisine est un espace primordial. Decouvrez qui sommes-nous","og_description":"Nous sommes une entreprise familiale leader dans la fabrication et la commercialisation d\u2019\u00e9quipements professionnels pour le secteur de l\u2019h\u00f4tellerie","og_url":"https:\/\/repagas.com\/fr\/a-propos-de-nous\/","og_site_name":"Repagas","article_publisher":"https:\/\/www.facebook.com\/Repagas\/","article_modified_time":"2026-08-29T17:59:19+00:00","twitter_card":"summary_large_image","twitter_site":"@Repagas","twitter_misc":{"Dur\u00e9e de lecture estim\u00e9e":"9 minutes"},"schema":{"@context":"https:\/\/schema.org","@graph":[{"@type":"WebPage","@id":"https:\/\/repagas.com\/fr\/a-propos-de-nous\/","url":"https:\/\/repagas.com\/fr\/a-propos-de-nous\/","name":"Repagas, la cuisine est un espace primordial. Decouvrez qui sommes-nous","isPartOf":{"@id":"https:\/\/repagas.com\/#website"},"datePublished":"2017-05-09T15:39:31+00:00","dateModified":"2026-08-29T17:59:19+00:00","description":"Nous sommes une entreprise familiale leader dans la fabrication et la commercialisation d\u2019\u00e9quipements professionnels pour le secteur de l\u2019h\u00f4tellerie","breadcrumb":{"@id":"https:\/\/repagas.com\/fr\/a-propos-de-nous\/#breadcrumb"},"inLanguage":"fr-FR","potentialAction":[{"@type":"ReadAction","target":["https:\/\/repagas.com\/fr\/a-propos-de-nous\/"]}]},{"@type":"BreadcrumbList","@id":"https:\/\/repagas.com\/fr\/a-propos-de-nous\/#breadcrumb","itemListElement":[{"@type":"ListItem","position":1,"name":"Portada","item":"https:\/\/repagas.com\/fr\/"},{"@type":"ListItem","position":2,"name":"\u00c0 propos de nous"}]},{"@type":"WebSite","@id":"https:\/\/repagas.com\/#website","url":"https:\/\/repagas.com\/","name":"Repagas","description":"Equipamientos para Hosteler\u00eda, Cocinas industriales para restaurantes, hoteles, bares, cafeter\u00edas, Equipamiento industrial","publisher":{"@id":"https:\/\/repagas.com\/#organization"},"potentialAction":[{"@type":"SearchAction","target":{"@type":"EntryPoint","urlTemplate":"https:\/\/repagas.com\/?s={search_term_string}"},"query-input":{"@type":"PropertyValueSpecification","valueRequired":true,"valueName":"search_term_string"}}],"inLanguage":"fr-FR"},{"@type":"Organization","@id":"https:\/\/repagas.com\/#organization","name":"REPAGAS","url":"https:\/\/repagas.com\/","logo":{"@type":"ImageObject","inLanguage":"fr-FR","@id":"https:\/\/repagas.com\/#\/schema\/logo\/image\/","url":"","contentUrl":"","caption":"REPAGAS"},"image":{"@id":"https:\/\/repagas.com\/#\/schema\/logo\/image\/"},"sameAs":["https:\/\/www.facebook.com\/Repagas\/","https:\/\/x.com\/Repagas"]}]}},"_links":{"self":[{"href":"https:\/\/repagas.com\/fr\/wp-json\/wp\/v2\/pages\/594","targetHints":{"allow":["GET"]}}],"collection":[{"href":"https:\/\/repagas.com\/fr\/wp-json\/wp\/v2\/pages"}],"about":[{"href":"https:\/\/repagas.com\/fr\/wp-json\/wp\/v2\/types\/page"}],"author":[{"embeddable":true,"href":"https:\/\/repagas.com\/fr\/wp-json\/wp\/v2\/users\/1"}],"replies":[{"embeddable":true,"href":"https:\/\/repagas.com\/fr\/wp-json\/wp\/v2\/comments?post=594"}],"version-history":[{"count":3,"href":"https:\/\/repagas.com\/fr\/wp-json\/wp\/v2\/pages\/594\/revisions"}],"predecessor-version":[{"id":15998,"href":"https:\/\/repagas.com\/fr\/wp-json\/wp\/v2\/pages\/594\/revisions\/15998"}],"wp:attachment":[{"href":"https:\/\/repagas.com\/fr\/wp-json\/wp\/v2\/media?parent=594"}],"curies":[{"name":"wp","href":"https:\/\/api.w.org\/{rel}","templated":true}]}}